{"id":158,"date":"2019-06-04T10:19:52","date_gmt":"2019-06-04T08:19:52","guid":{"rendered":"http:\/\/trail-fleur-du-roy.com\/?page_id=158"},"modified":"2026-03-06T16:05:44","modified_gmt":"2026-03-06T15:05:44","slug":"sinscrire-vercors","status":"publish","type":"page","link":"https:\/\/trail-fleur-du-roy.com\/index.php\/sinscrire-vercors\/","title":{"rendered":"S&rsquo;inscrire"},"content":{"rendered":"\n<figure class=\"wp-block-image alignfull\"><img decoding=\"async\" loading=\"lazy\" width=\"1024\" height=\"128\" src=\"http:\/\/trail-fleur-du-roy.com\/wp-content\/uploads\/2019\/05\/banni\u00e8re-page-secondaire-1024x128.png\" alt=\"\" class=\"wp-image-109\" srcset=\"https:\/\/trail-fleur-du-roy.com\/wp-content\/uploads\/2019\/05\/banni\u00e8re-page-secondaire-1024x128.png 1024w, https:\/\/trail-fleur-du-roy.com\/wp-content\/uploads\/2019\/05\/banni\u00e8re-page-secondaire-300x38.png 300w, https:\/\/trail-fleur-du-roy.com\/wp-content\/uploads\/2019\/05\/banni\u00e8re-page-secondaire-768x96.png 768w, https:\/\/trail-fleur-du-roy.com\/wp-content\/uploads\/2019\/05\/banni\u00e8re-page-secondaire.png 1200w\" sizes=\"(max-width: 1024px) 100vw, 1024px\" \/><\/figure>\n\n\n\n<div style=\"height:100px\" aria-hidden=\"true\" class=\"wp-block-spacer\"><\/div>\n\n\n\n<center><h1> Le rendez-vous est donn\u00e9: mardi 14 juillet 2026\n <\/h1><\/center>\n\n\n\n<div style=\"height:100px\" aria-hidden=\"true\" class=\"wp-block-spacer\"><\/div>\n\n\n\n<div class=\"is-layout-flex wp-container-3 wp-block-columns alignwide has-2-columns\">\n<div class=\"is-layout-flow wp-block-column\">\n<h2 class=\"has-text-align-left\">Comment s&rsquo;inscrire ?<\/h2>\n\n\n\n<p><strong>Les inscriptions peuvent s&rsquo;effectuer : <\/strong><\/p>\n\n\n\n<ul>\n<li><strong>D\u00e8s \u00e0 pr\u00e9sent<\/strong> et jusqu&rsquo;au 13 juillet \u00e0 12h en cliquant sur \u00ab\u00a0je m&rsquo;inscris\u00a0\u00bb ci dessous. <\/li>\n\n\n\n<li><strong>Tarifs pr\u00e9f\u00e9rentiels avant le 1er juillet 2026<\/strong> (majoration de 6\u20ac \u00e0 partir de cette date)<br>Trail 14 kms : 15.5 \u20ac \/ 21.5 \u20ac apr\u00e8s le 30 juin 2026<br>Trail 24 kms : 25.5 \u20ac \/ 31.5 \u20ac apr\u00e8s le 30 juin 2026<\/li>\n\n\n\n<li><strong><mark style=\"background-color:rgba(0, 0, 0, 0)\" class=\"has-inline-color has-vivid-red-color\">\u00c9DITION LIMIT\u00c9E A 700 PARTIPANTS &#8230;<\/mark><\/strong><\/li>\n<\/ul>\n\n\n\n<p><strong>Retrait des dossards : <\/strong><\/p>\n\n\n\n<ul>\n<li><strong>le 13 juillet de 15h \u00e0 18h<\/strong> \u00e0 la caserne des sapeurs-pompiers de Corren\u00e7on en Vercors (117, Impasse Champ Long 38250 Corren\u00e7on en Vercors)<\/li>\n\n\n\n<li><strong>Le matin avant le d\u00e9part <\/strong>\u00e0 partir de 7h (Terrain multi-sports de Corren\u00e7on en Vercors &#8211; dans l&rsquo;aire de d\u00e9part)<\/li>\n<\/ul>\n\n\n\n<p><strong>Justificatif m\u00e9dical : <\/strong><\/p>\n\n\n\n<p>Votre attestation <a href=\"https:\/\/pps.athle.fr\/\"><strong>\u00ab\u00a0<\/strong><\/a><strong>Parcours Pr\u00e9vention Sant\u00e9\u00a0\u00bb<\/strong><a href=\"https:\/\/pps.athle.fr\/\"> <\/a>peut \u00eatre t\u00e9l\u00e9charg\u00e9e<strong> <a href=\"https:\/\/pps.athle.fr\/\">ici<\/a><\/strong><\/p>\n\n\n\n<p><strong>R\u00e8glement<a rel=\"noreferrer noopener\" href=\"https:\/\/trail-fleur-du-roy.com\/wp-admin\/upload.php?item=964\" data-type=\"URL\" data-id=\"https:\/\/trail-fleur-du-roy.com\/wp-admin\/upload.php?item=964\" target=\"_blank\"> :<\/a><\/strong>  <strong><a href=\"http:\/\/trail-fleur-du-roy.com\/wp-content\/uploads\/2025\/05\/Reglement-de-course-2025-2.pdf\" data-type=\"URL\" data-id=\"http:\/\/trail-fleur-du-roy.com\/wp-content\/uploads\/2025\/05\/Reglement-de-course-2025-2.pdf\" target=\"_blank\" rel=\"noreferrer noopener\">T\u00e9l\u00e9chargez <\/a><\/strong><\/p>\n\n\n\n<p><strong>Demande par mail<\/strong> :<strong> <a rel=\"noreferrer noopener\" href=\"mailto:info@trail-fleur-du-roy.com\" target=\"_blank\">info@trail-fleur-du-roy.com<\/a><\/strong><\/p>\n\n\n\n<div class=\"wp-block-button aligncenter\"><a class=\"wp-block-button__link has-background wp-element-button\" href=\"https:\/\/www.finishers.com\/book\/event\/vabf3\" style=\"background-color:#ef1923\">Je m&rsquo;inscris<\/a><\/div>\n\n\n\n<div style=\"height:20px\" aria-hidden=\"true\" class=\"wp-block-spacer\"><\/div>\n\n\n\n<h2 class=\"has-vivid-red-color has-text-color\">Mat\u00e9riels obligatoires<\/h2>\n\n\n\n<ul class=\"has-vivid-red-color has-text-color\">\n<li>Un t\u00e9l\u00e9phone portable <\/li>\n\n\n\n<li>Un contenant pour les ravitaillements en liquide (gourde, flasque, gobelet souple, &#8230;) <\/li>\n<\/ul>\n\n\n\n<hr class=\"wp-block-separator has-css-opacity\"\/>\n\n\n\n<h2>Le programme<\/h2>\n\n\n\n<p>7h &#8211; 9h30&#8230;&#8230;&#8230;&#8230;&#8230;&#8230;&#8230;&#8230;&#8230; Retrait des dossards (caf\u00e9 offert)<\/p>\n\n\n\n<p>8h&#8230;&#8230;&#8230;&#8230;&#8230;&#8230;&#8230;&#8230;&#8230;&#8230;&#8230;&#8230;&#8230;&#8230;&#8230;&#8230;..D\u00e9part du 24 kms \/ Trail XS<\/p>\n\n\n\n<p>9h30&#8230;&#8230;&#8230;&#8230;&#8230;&#8230;&#8230;&#8230;&#8230;&#8230;&#8230;&#8230;&#8230;&#8230; D\u00e9part du 14 kms \/ Trail XXS<\/p>\n\n\n\n<p>11h45&#8230;&#8230;&#8230;&#8230;&#8230;&#8230;&#8230;&#8230;&#8230;&#8230;&#8230;&#8230;&#8230;&#8230;&#8230;.. Remise des prix du 14 kms<\/p>\n\n\n\n<p>12h00&#8230;&#8230;&#8230;&#8230;&#8230;&#8230;&#8230;&#8230;&#8230;&#8230;&#8230;&#8230;&#8230;&#8230;&#8230; Remise des prix du 24 kms<\/p>\n\n\n\n<p>12h15&#8230;&#8230;&#8230;&#8230;&#8230;&#8230;&#8230;&#8230;&#8230;&#8230;&#8230;&#8230;&#8230;&#8230;&#8230;&#8230;&#8230;&#8230;&#8230;&#8230;&#8230;&#8230;&#8230;&#8230;&#8230;&#8230;. Tombola<\/p>\n\n\n\n<p><\/p>\n\n\n\n<div style=\"height:20px\" aria-hidden=\"true\" class=\"wp-block-spacer\"><\/div>\n\n\n\n<hr class=\"wp-block-separator has-css-opacity is-style-default\"\/>\n\n\n\n<div style=\"height:0px\" aria-hidden=\"true\" class=\"wp-block-spacer\"><\/div>\n<\/div>\n\n\n\n<div class=\"is-layout-flow wp-block-column\">\n<figure class=\"wp-block-image is-resized\"><img decoding=\"async\" src=\"http:\/\/trail-fleur-du-roy.com\/wp-content\/uploads\/2019\/06\/0V7A9533-869x1024.jpg\" alt=\"\" class=\"wp-image-273\" width=\"554\" srcset=\"https:\/\/trail-fleur-du-roy.com\/wp-content\/uploads\/2019\/06\/0V7A9533-869x1024.jpg 869w, https:\/\/trail-fleur-du-roy.com\/wp-content\/uploads\/2019\/06\/0V7A9533-255x300.jpg 255w, https:\/\/trail-fleur-du-roy.com\/wp-content\/uploads\/2019\/06\/0V7A9533-768x905.jpg 768w, https:\/\/trail-fleur-du-roy.com\/wp-content\/uploads\/2019\/06\/0V7A9533.jpg 1920w\" sizes=\"(max-width: 869px) 100vw, 869px\" \/><\/figure>\n\n\n\n<figure class=\"wp-block-image size-large is-resized\"><img decoding=\"async\" loading=\"lazy\" src=\"http:\/\/trail-fleur-du-roy.com\/wp-content\/uploads\/2023\/03\/autrans-123-683x1024.jpg\" alt=\"\" class=\"wp-image-770\" width=\"553\" height=\"829\" srcset=\"https:\/\/trail-fleur-du-roy.com\/wp-content\/uploads\/2023\/03\/autrans-123-683x1024.jpg 683w, https:\/\/trail-fleur-du-roy.com\/wp-content\/uploads\/2023\/03\/autrans-123-200x300.jpg 200w, https:\/\/trail-fleur-du-roy.com\/wp-content\/uploads\/2023\/03\/autrans-123-768x1152.jpg 768w, https:\/\/trail-fleur-du-roy.com\/wp-content\/uploads\/2023\/03\/autrans-123-1024x1536.jpg 1024w, https:\/\/trail-fleur-du-roy.com\/wp-content\/uploads\/2023\/03\/autrans-123-1365x2048.jpg 1365w, https:\/\/trail-fleur-du-roy.com\/wp-content\/uploads\/2023\/03\/autrans-123-scaled.jpg 1706w\" sizes=\"(max-width: 553px) 100vw, 553px\" \/><\/figure>\n\n\n\n<p><\/p>\n<\/div>\n<\/div>\n","protected":false},"excerpt":{"rendered":"<p>Comment s&rsquo;inscrire ? Les inscriptions peuvent s&rsquo;effectuer : Retrait des dossards : Justificatif m\u00e9dical : Votre attestation \u00ab\u00a0Parcours Pr\u00e9vention Sant\u00e9\u00a0\u00bb peut \u00eatre t\u00e9l\u00e9charg\u00e9e ici R\u00e8glement&hellip;<\/p>\n","protected":false},"author":1,"featured_media":0,"parent":0,"menu_order":0,"comment_status":"closed","ping_status":"closed","template":"","meta":[],"_links":{"self":[{"href":"https:\/\/trail-fleur-du-roy.com\/index.php\/wp-json\/wp\/v2\/pages\/158"}],"collection":[{"href":"https:\/\/trail-fleur-du-roy.com\/index.php\/wp-json\/wp\/v2\/pages"}],"about":[{"href":"https:\/\/trail-fleur-du-roy.com\/index.php\/wp-json\/wp\/v2\/types\/page"}],"author":[{"embeddable":true,"href":"https:\/\/trail-fleur-du-roy.com\/index.php\/wp-json\/wp\/v2\/users\/1"}],"replies":[{"embeddable":true,"href":"https:\/\/trail-fleur-du-roy.com\/index.php\/wp-json\/wp\/v2\/comments?post=158"}],"version-history":[{"count":92,"href":"https:\/\/trail-fleur-du-roy.com\/index.php\/wp-json\/wp\/v2\/pages\/158\/revisions"}],"predecessor-version":[{"id":1027,"href":"https:\/\/trail-fleur-du-roy.com\/index.php\/wp-json\/wp\/v2\/pages\/158\/revisions\/1027"}],"wp:attachment":[{"href":"https:\/\/trail-fleur-du-roy.com\/index.php\/wp-json\/wp\/v2\/media?parent=158"}],"curies":[{"name":"wp","href":"https:\/\/api.w.org\/{rel}","templated":true}]}}