{"id":29,"date":"2019-05-31T11:05:19","date_gmt":"2019-05-31T09:05:19","guid":{"rendered":"http:\/\/trail-fleur-du-roy.com\/?page_id=29"},"modified":"2026-03-19T12:43:56","modified_gmt":"2026-03-19T11:43:56","slug":"24-kms-vercors","status":"publish","type":"page","link":"https:\/\/trail-fleur-du-roy.com\/index.php\/24-kms-vercors\/","title":{"rendered":"24 kms"},"content":{"rendered":"\n<figure class=\"wp-block-image alignfull\"><img decoding=\"async\" loading=\"lazy\" width=\"1024\" height=\"128\" src=\"http:\/\/trail-fleur-du-roy.com\/wp-content\/uploads\/2019\/06\/banni\u00e8re-page-secondaire-1024x128.png\" alt=\"\" class=\"wp-image-359\" srcset=\"https:\/\/trail-fleur-du-roy.com\/wp-content\/uploads\/2019\/06\/banni\u00e8re-page-secondaire-1024x128.png 1024w, https:\/\/trail-fleur-du-roy.com\/wp-content\/uploads\/2019\/06\/banni\u00e8re-page-secondaire-300x38.png 300w, https:\/\/trail-fleur-du-roy.com\/wp-content\/uploads\/2019\/06\/banni\u00e8re-page-secondaire-768x96.png 768w, https:\/\/trail-fleur-du-roy.com\/wp-content\/uploads\/2019\/06\/banni\u00e8re-page-secondaire.png 1200w\" sizes=\"(max-width: 1024px) 100vw, 1024px\" \/><\/figure>\n\n\n\n<div style=\"height:100px\" aria-hidden=\"true\" class=\"wp-block-spacer\"><\/div>\n\n\n\n<h1 class=\"has-text-align-center\">Trail XS<\/h1>\n\n\n\n<div style=\"height:20px\" aria-hidden=\"true\" class=\"wp-block-spacer\"><\/div>\n\n\n\n<div class=\"is-layout-flex wp-container-3 wp-block-columns alignwide has-2-columns\">\n<div class=\"is-layout-flow wp-block-column\"><div class=\"wp-block-image\">\n<figure class=\"alignleft size-full\"><img decoding=\"async\" loading=\"lazy\" width=\"460\" height=\"600\" src=\"https:\/\/trail-fleur-du-roy.com\/wp-content\/uploads\/2026\/03\/Infos-24-kms-1.jpg\" alt=\"\" class=\"wp-image-1071\" srcset=\"https:\/\/trail-fleur-du-roy.com\/wp-content\/uploads\/2026\/03\/Infos-24-kms-1.jpg 460w, https:\/\/trail-fleur-du-roy.com\/wp-content\/uploads\/2026\/03\/Infos-24-kms-1-230x300.jpg 230w\" sizes=\"(max-width: 460px) 100vw, 460px\" \/><\/figure><\/div>\n\n\n<p><\/p>\n\n\n\n<figure class=\"wp-block-image size-full is-resized\"><img decoding=\"async\" loading=\"lazy\" src=\"https:\/\/trail-fleur-du-roy.com\/wp-content\/uploads\/2026\/03\/Carte-24-kms-20262.png\" alt=\"\" class=\"wp-image-1038\" width=\"460\" height=\"729\" srcset=\"https:\/\/trail-fleur-du-roy.com\/wp-content\/uploads\/2026\/03\/Carte-24-kms-20262.png 312w, https:\/\/trail-fleur-du-roy.com\/wp-content\/uploads\/2026\/03\/Carte-24-kms-20262-189x300.png 189w\" sizes=\"(max-width: 460px) 100vw, 460px\" \/><\/figure>\n\n\n\n<div class=\"wp-block-file\"><a href=\"http:\/\/trail-fleur-du-roy.com\/wp-content\/uploads\/2023\/03\/la_fdr_24_2023_v4-15998885-1679065326-638.gpx\" class=\"wp-block-file__button wp-element-button\" download><\/a><\/div>\n<\/div>\n\n\n\n<div class=\"is-layout-flow wp-block-column\">\n<p class=\"has-text-align-center\">Apr\u00e8s 3 kms \u00e0 travers le village pour te chauffer, tu attaques un 1er gros morceau :<\/p>\n\n\n\n<p class=\"has-text-align-center\">3 kms d&rsquo;ascension et 500 m de D+ !!!<\/p>\n\n\n\n<p class=\"has-text-align-center\">Tu montes en direction du \u00ab\u00a0Grand Buisson\u00a0\u00bb pour rejoindre les pistes de ski alpin qui te conduiront au point culminant de notre parcours. Te voil\u00e0 arriv\u00e9 au sommet du t\u00e9l\u00e9mix \u00e0 1600 m d&rsquo;altitude (km 6).<\/p>\n\n\n\n<p class=\"has-text-align-center\">C&rsquo;est parti pour la descente \u00e0 travers les pistes et chemins bois\u00e9s pour rejoindre la \u00ab\u00a0Combe du Souillet\u00a0\u00bb.  <\/p>\n\n\n\n<p class=\"has-text-align-center\">Un dernier km autour du golf et c&rsquo;est le 1er  ravitaillement au d\u00e9part du GR91 (km 11,4). C&rsquo;est l\u00e0 que tes supporters et ton staff technique pourront venir te soutenir !!!<\/p>\n\n\n\n<p class=\"has-text-align-center\"> Tu remontes en direction de \u00ab&nbsp;Campalong&nbsp;\u00bb sur un large chemin de gravier. L\u2019ascension se poursuit avec une alternance de singles pour acc\u00e9der au belv\u00e9d\u00e8re des \u00ab&nbsp;Granges&nbsp;\u00bb au km 13,7. D\u00e9j\u00e0 650 m de D+ effectu\u00e9s !<\/p>\n\n\n\n<p class=\"has-text-align-center\">Une longue descente, bien roulante, sur le secteur des \u00ab&nbsp;Gen\u00e9tys&nbsp;\u00bb te permettra de rejoindre le \u00ab&nbsp;Bois-Barbu&nbsp;\u00bb et le 2\u00e8me ravitaillement (km 18)\u2026<\/p>\n\n\n\n<p class=\"has-text-align-center\">Prends des forces car tu repars pour 2,5 kms de mont\u00e9es avec 250 m de D+ pour atteindre la cime du \u00ab&nbsp;Peuil&nbsp;\u00bb \u00e0 1377m.<\/p>\n\n\n\n<p class=\"has-text-align-center\">Tu en as quasi termin\u00e9 avec les mont\u00e9es!<\/p>\n\n\n\n<p class=\"has-text-align-center\">A pr\u00e9sent, tu d\u00e9roules sur une belle descente en cr\u00eate avec quelques passages un peu techniques mais rien de m\u00e9chant\u2026<\/p>\n\n\n\n<p class=\"has-text-align-center\">Un petit crochet vers la \u00ab&nbsp;Grange Perrin&nbsp;\u00bb pour profiter du point de vue sur les montagnes\u2026.<\/p>\n\n\n\n<p class=\"has-text-align-center\">Dernier km et derni\u00e8re descente en direction du village et de la ligne d\u2019arriv\u00e9e. C\u2019est d\u00e9j\u00e0 termin\u00e9&nbsp;!!!<\/p>\n\n\n\n<p class=\"has-text-align-center\"><strong>BRAVO&#8230;<\/strong><\/p>\n\n\n\n<div style=\"height:20px\" aria-hidden=\"true\" class=\"wp-block-spacer\"><\/div>\n\n\n\n<div style=\"height:20px\" aria-hidden=\"true\" class=\"wp-block-spacer\"><\/div>\n\n\n\n<div style=\"height:20px\" aria-hidden=\"true\" class=\"wp-block-spacer\"><\/div>\n\n\n\n<div class=\"wp-block-button aligncenter\"><a class=\"wp-block-button__link has-background wp-element-button\" href=\"https:\/\/www.finishers.com\/book\/event\/vabf3\" style=\"background-color:#ef1923\">Je m&rsquo;inscris<\/a><\/div>\n<\/div>\n<\/div>\n\n\n<div class=\"wp-block-image\">\n<figure class=\"aligncenter size-full is-resized\"><img decoding=\"async\" loading=\"lazy\" src=\"https:\/\/trail-fleur-du-roy.com\/wp-content\/uploads\/2026\/03\/Profil-24-kms-2026.png\" alt=\"\" class=\"wp-image-1020\" width=\"999\" height=\"247\" srcset=\"https:\/\/trail-fleur-du-roy.com\/wp-content\/uploads\/2026\/03\/Profil-24-kms-2026.png 750w, https:\/\/trail-fleur-du-roy.com\/wp-content\/uploads\/2026\/03\/Profil-24-kms-2026-300x74.png 300w\" sizes=\"(max-width: 999px) 100vw, 999px\" \/><\/figure><\/div>\n\n\n<div style=\"height:50px\" aria-hidden=\"true\" class=\"wp-block-spacer\"><\/div>\n\n\n\n<h2 class=\"has-text-align-center\">Le Parcours en images<\/h2>\n\n\n\n<div style=\"height:20px\" aria-hidden=\"true\" class=\"wp-block-spacer\"><\/div>\n\n\n<p><center>\n<div class=\"gdgallery-gallery-container\" id=\"gdgallery-container-5\" data-id=\"5\">\n    \n\n<div id=\"gdgallery_container_5\" style=\"display:none;\" data-view=\"slider\">\n\n            <img alt=\"\"\n             data-type=\"image\"\n             src=\"https:\/\/trail-fleur-du-roy.com\/wp-content\/uploads\/2019\/06\/60686567_2461630534065734_4388181864578285568_o.jpg\"\n             data-image=\"https:\/\/trail-fleur-du-roy.com\/wp-content\/uploads\/2019\/06\/60686567_2461630534065734_4388181864578285568_o.jpg\"\n             data-description=\"\"\n                         style=\"display:block\">\n\n            <img alt=\"\"\n             data-type=\"image\"\n             src=\"https:\/\/trail-fleur-du-roy.com\/wp-content\/uploads\/2019\/06\/61565030_2461632870732167_7126073441031028736_o.jpg\"\n             data-image=\"https:\/\/trail-fleur-du-roy.com\/wp-content\/uploads\/2019\/06\/61565030_2461632870732167_7126073441031028736_o.jpg\"\n             data-description=\"\"\n                         style=\"display:block\">\n\n            <img alt=\"\"\n             data-type=\"image\"\n             src=\"https:\/\/trail-fleur-du-roy.com\/wp-content\/uploads\/2019\/06\/60819382_2461627857399335_8136701055623757824_n.jpg\"\n             data-image=\"https:\/\/trail-fleur-du-roy.com\/wp-content\/uploads\/2019\/06\/60819382_2461627857399335_8136701055623757824_n.jpg\"\n             data-description=\"\"\n                         style=\"display:block\">\n\n            <img alt=\"\"\n             data-type=\"image\"\n             src=\"https:\/\/trail-fleur-du-roy.com\/wp-content\/uploads\/2019\/06\/60884034_2461629737399147_8519628966661718016_o.jpg\"\n             data-image=\"https:\/\/trail-fleur-du-roy.com\/wp-content\/uploads\/2019\/06\/60884034_2461629737399147_8519628966661718016_o.jpg\"\n             data-description=\"\"\n                         style=\"display:block\">\n\n            <img alt=\"\"\n             data-type=\"image\"\n             src=\"https:\/\/trail-fleur-du-roy.com\/wp-content\/uploads\/2019\/06\/60942551_2461628114065976_8276062878839078912_o.jpg\"\n             data-image=\"https:\/\/trail-fleur-du-roy.com\/wp-content\/uploads\/2019\/06\/60942551_2461628114065976_8276062878839078912_o.jpg\"\n             data-description=\"\"\n                         style=\"display:block\">\n\n            <img alt=\"\"\n             data-type=\"image\"\n             src=\"https:\/\/trail-fleur-du-roy.com\/wp-content\/uploads\/2019\/06\/60975723_2461632307398890_4910463678911873024_o.jpg\"\n             data-image=\"https:\/\/trail-fleur-du-roy.com\/wp-content\/uploads\/2019\/06\/60975723_2461632307398890_4910463678911873024_o.jpg\"\n             data-description=\"\"\n                         style=\"display:block\">\n\n            <img alt=\"\"\n             data-type=\"image\"\n             src=\"https:\/\/trail-fleur-du-roy.com\/wp-content\/uploads\/2019\/06\/61141591_2461629437399177_8248494115126247424_o.jpg\"\n             data-image=\"https:\/\/trail-fleur-du-roy.com\/wp-content\/uploads\/2019\/06\/61141591_2461629437399177_8248494115126247424_o.jpg\"\n             data-description=\"\"\n                         style=\"display:block\">\n\n            <img alt=\"\"\n             data-type=\"image\"\n             src=\"https:\/\/trail-fleur-du-roy.com\/wp-content\/uploads\/2019\/06\/61174614_2461629980732456_4061842608681385984_o.jpg\"\n             data-image=\"https:\/\/trail-fleur-du-roy.com\/wp-content\/uploads\/2019\/06\/61174614_2461629980732456_4061842608681385984_o.jpg\"\n             data-description=\"\"\n                         style=\"display:block\">\n\n            <img alt=\"\"\n             data-type=\"image\"\n             src=\"https:\/\/trail-fleur-du-roy.com\/wp-content\/uploads\/2019\/06\/61191520_2461629584065829_986176494625619968_o.jpg\"\n             data-image=\"https:\/\/trail-fleur-du-roy.com\/wp-content\/uploads\/2019\/06\/61191520_2461629584065829_986176494625619968_o.jpg\"\n             data-description=\"\"\n                         style=\"display:block\">\n\n            <img alt=\"\"\n             data-type=\"image\"\n             src=\"https:\/\/trail-fleur-du-roy.com\/wp-content\/uploads\/2019\/06\/61208248_2461628307399290_6127198660846419968_o.jpg\"\n             data-image=\"https:\/\/trail-fleur-du-roy.com\/wp-content\/uploads\/2019\/06\/61208248_2461628307399290_6127198660846419968_o.jpg\"\n             data-description=\"\"\n                         style=\"display:block\">\n\n            <img alt=\"\"\n             data-type=\"image\"\n             src=\"https:\/\/trail-fleur-du-roy.com\/wp-content\/uploads\/2019\/06\/61344963_2461631387398982_4046467265711833088_o.jpg\"\n             data-image=\"https:\/\/trail-fleur-du-roy.com\/wp-content\/uploads\/2019\/06\/61344963_2461631387398982_4046467265711833088_o.jpg\"\n             data-description=\"\"\n                         style=\"display:block\">\n\n            <img alt=\"\"\n             data-type=\"image\"\n             src=\"https:\/\/trail-fleur-du-roy.com\/wp-content\/uploads\/2019\/06\/61384899_2461631917398929_3426639975217627136_o.jpg\"\n             data-image=\"https:\/\/trail-fleur-du-roy.com\/wp-content\/uploads\/2019\/06\/61384899_2461631917398929_3426639975217627136_o.jpg\"\n             data-description=\"\"\n                         style=\"display:block\">\n\n            <img alt=\"\"\n             data-type=\"image\"\n             src=\"https:\/\/trail-fleur-du-roy.com\/wp-content\/uploads\/2019\/06\/61393743_2461628770732577_5250446388050788352_o.jpg\"\n             data-image=\"https:\/\/trail-fleur-du-roy.com\/wp-content\/uploads\/2019\/06\/61393743_2461628770732577_5250446388050788352_o.jpg\"\n             data-description=\"\"\n                         style=\"display:block\">\n\n    \n<\/div>\n\n<script type=\"text\/javascript\">\n    (function() {\n        var runMyCode = function() {\n            jQuery(document).ready(function () {\n                var container = jQuery(\"#gdgallery_container_5\");\n                container.unitegallery({\"gallery_theme\":\"slider\",\"gallery_images_preload_type\":\"minimal\",\"gallery_width\":\"900\",\"gallery_height\":\"500\",\"gallery_autoplay\":true,\"gallery_play_interval\":\"5000\",\"gallery_pause_on_mouseover\":true,\"slider_scale_mode\":\"fill\",\"slider_transition\":\"slide\",\"slider_transition_speed\":1500,\"slider_loader_type\":1,\"slider_loader_color\":\"white\",\"slider_enable_bullets\":true,\"slider_bullets_align_hor\":\"center\",\"slider_bullets_align_vert\":\"bottom\",\"slider_enable_arrows\":true,\"slider_enable_progress_indicator\":true,\"slider_progress_indicator_type\":\"pie\",\"slider_progress_indicator_align_hor\":\"right\",\"slider_progress_indicator_align_vert\":\"top\",\"slider_enable_play_button\":false,\"slider_play_button_align_hor\":\"left\",\"slider_play_button_align_vert\":\"top\",\"slider_enable_fullscreen_button\":false,\"slider_fullscreen_button_align_hor\":\"left\",\"slider_fullscreen_button_align_vert\":\"top\",\"slider_control_zoom\":true,\"slider_enable_zoom_panel\":false,\"slider_zoompanel_align_hor\":\"left\",\"slider_zoompanel_align_vert\":\"top\",\"slider_controls_always_on\":false,\"slider_videoplay_button_type\":\"round\",\"slider_textpanel_always_on\":false,\"slider_enable_text_panel\":true,\"slider_textpanel_enable_title\":true,\"slider_textpanel_enable_description\":true,\"slider_textpanel_enable_bg\":true,\"gallery_carousel\":true,\"slider_textpanel_bg_color\":\"#000000\",\"slider_textpanel_bg_opacity\":0.7,\"slider_textpanel_title_font_size\":\"17\",\"slider_textpanel_title_color\":\"#FFFFFF\",\"slider_textpanel_desc_font_size\":\"14\",\"slider_textpanel_desc_color\":\"#FFFFFF\",\"slider_progress_indicator_offset_hor\":5,\"slider_progress_indicator_offset_vert\":5,\"slider_play_button_offset_hor\":60,\"slider_play_button_offset_vert\":8,\"slider_fullscreen_button_offset_hor\":37,\"slider_fullscreen_button_offset_vert\":9,\"slider_zoompanel_offset_hor\":12,\"slider_zoompanel_offset_vert\":40});\n            });\n        };\n        var timer = function() {\n            if (window.jQuery) {runMyCode(window.jQuery);}\n            else {window.setTimeout(timer, 100);}\n        };\n        timer();\n    })();\n<\/script><style>\n\n#gdgallery_container_5{}<\/style>\n<\/div>\n\n\n\n\n\n<\/center><\/p>\n","protected":false},"excerpt":{"rendered":"<p>Trail XS Apr\u00e8s 3 kms \u00e0 travers le village pour te chauffer, tu attaques un 1er gros morceau : 3 kms d&rsquo;ascension et 500 m&hellip;<\/p>\n","protected":false},"author":1,"featured_media":0,"parent":0,"menu_order":0,"comment_status":"closed","ping_status":"closed","template":"","meta":[],"_links":{"self":[{"href":"https:\/\/trail-fleur-du-roy.com\/index.php\/wp-json\/wp\/v2\/pages\/29"}],"collection":[{"href":"https:\/\/trail-fleur-du-roy.com\/index.php\/wp-json\/wp\/v2\/pages"}],"about":[{"href":"https:\/\/trail-fleur-du-roy.com\/index.php\/wp-json\/wp\/v2\/types\/page"}],"author":[{"embeddable":true,"href":"https:\/\/trail-fleur-du-roy.com\/index.php\/wp-json\/wp\/v2\/users\/1"}],"replies":[{"embeddable":true,"href":"https:\/\/trail-fleur-du-roy.com\/index.php\/wp-json\/wp\/v2\/comments?post=29"}],"version-history":[{"count":66,"href":"https:\/\/trail-fleur-du-roy.com\/index.php\/wp-json\/wp\/v2\/pages\/29\/revisions"}],"predecessor-version":[{"id":1072,"href":"https:\/\/trail-fleur-du-roy.com\/index.php\/wp-json\/wp\/v2\/pages\/29\/revisions\/1072"}],"wp:attachment":[{"href":"https:\/\/trail-fleur-du-roy.com\/index.php\/wp-json\/wp\/v2\/media?parent=29"}],"curies":[{"name":"wp","href":"https:\/\/api.w.org\/{rel}","templated":true}]}}